{"id":5234,"date":"2024-06-24T12:07:58","date_gmt":"2024-06-24T18:07:58","guid":{"rendered":"https:\/\/uigtsj.poderjudicialqro.gob.mx\/?page_id=5234"},"modified":"2024-12-02T13:17:14","modified_gmt":"2024-12-02T19:17:14","slug":"actividades-2022","status":"publish","type":"page","link":"https:\/\/uigtsj.poderjudicialqro.gob.mx\/index.php\/actividades-2022\/","title":{"rendered":"Actividades 2022"},"content":{"rendered":"\t\t<div data-elementor-type=\"wp-page\" data-elementor-id=\"5234\" class=\"elementor elementor-5234\">\n\t\t\t\t\t\t<section class=\"elementor-section elementor-top-section elementor-element elementor-element-764a751 elementor-section-boxed elementor-section-height-default elementor-section-height-default\" data-id=\"764a751\" data-element_type=\"section\" data-e-type=\"section\">\n\t\t\t\t\t\t<div class=\"elementor-container elementor-column-gap-default\">\n\t\t\t\t\t<div class=\"elementor-column elementor-col-100 elementor-top-column elementor-element elementor-element-3527d61\" data-id=\"3527d61\" data-element_type=\"column\" data-e-type=\"column\">\n\t\t\t<div class=\"elementor-widget-wrap elementor-element-populated\">\n\t\t\t\t\t\t<div class=\"elementor-element elementor-element-5aec1d6 elementor-widget elementor-widget-text-editor\" data-id=\"5aec1d6\" data-element_type=\"widget\" data-e-type=\"widget\" data-widget_type=\"text-editor.default\">\n\t\t\t\t<div class=\"elementor-widget-container\">\n\t\t\t\t\t\t\t\t\t<h3><span style=\"color: #008000;\">\u00a0 \u00a0 \u00a0<span style=\"color: #272282;\"><a style=\"color: #272282;\" href=\"https:\/\/uigtsj.poderjudicialqro.gob.mx\/index.php\/2022\/06\/24\/encuentro-nacional-de-unidades-de-derechos-humanos-e-igualdad-de-genero\/\" target=\"_blank\" rel=\"noopener\">Encuentro Nacional de Unidades de Derechos Humanos e Igualdad de G\u00e9nero<\/a><\/span><\/span><\/h3><h3><span style=\"color: #272282;\">\u00a0 \u00a0 \u00a0<a style=\"color: #272282;\" href=\"https:\/\/uigtsj.poderjudicialqro.gob.mx\/index.php\/2022\/08\/18\/foro-del-programa-de-igualdad-sustantiva-entre-mujeres-y-hombres\/\" target=\"_blank\" rel=\"noopener\">Foro del programa de Igualdad sustantiva entre mujeres y hombres<\/a><\/span><\/h3><h3><span style=\"color: #272282;\">\u00a0 \u00a0 \u00a0<a style=\"color: #272282;\" href=\"https:\/\/uigtsj.poderjudicialqro.gob.mx\/index.php\/2022\/08\/26\/inaguracion-del-lactario\/\" target=\"_blank\" rel=\"noopener\">Inaguraci\u00f3n del lactario<\/a><\/span><\/h3><h3><span style=\"color: #272282;\">\u00a0 \u00a0 \u00a0<a style=\"color: #272282;\" href=\"https:\/\/uigtsj.poderjudicialqro.gob.mx\/index.php\/2022\/09\/28\/taller-agenda-para-la-implementacion-del-pacto-nacional-por-la-justicia-de-genero\/\" target=\"_blank\" rel=\"noopener\">Taller agenda para la implementaci\u00f3n del Pacto Nacional por la Justicia de G\u00e9nero<\/a><\/span><\/h3><h3><span style=\"color: #272282;\">\u00a0 \u00a0 \u00a0<a style=\"color: #272282;\" href=\"https:\/\/uigtsj.poderjudicialqro.gob.mx\/index.php\/2022\/09\/30\/intercambio-de-experiencias-entre-unidades-de-genero-politicas-judiciales-con-perspectiva-de-genero\/\" target=\"_blank\" rel=\"noopener\">Intercambio de experiencias entre Unidades de G\u00e9nero: Pol\u00edticas judiciales con perspectiva de g\u00e9nero<\/a><\/span><\/h3><h3><span style=\"color: #272282;\">\u00a0 \u00a0 \u00a0<a style=\"color: #272282;\" href=\"https:\/\/uigtsj.poderjudicialqro.gob.mx\/index.php\/2022\/11\/22\/webinar-acciones-y-politicas-publicas-de-los-poderes-judiciales-para-la-eliminacion-de-la-violencia-contra-las-mujeres\/\" target=\"_blank\" rel=\"noopener\">Webinar \u00abAcciones y pol\u00edticas p\u00fablicas de los Poderes Judiciales para la eliminaci\u00f3n de la violencia contra las mujeres\u00bb<\/a><\/span><\/h3><h3><span style=\"color: #272282;\">\u00a0 \u00a0 \u00a0<a style=\"color: #272282;\" href=\"https:\/\/uigtsj.poderjudicialqro.gob.mx\/index.php\/2022\/12\/09\/10-de-diciembre-dia-internacional-de-los-derechos-humanos\/\" target=\"_blank\" rel=\"noopener\">10 de diciembre \u2013 D\u00eda Internacional de los Derechos Humanos<\/a><\/span><\/h3>\t\t\t\t\t\t\t\t<\/div>\n\t\t\t\t<\/div>\n\t\t\t\t\t<\/div>\n\t\t<\/div>\n\t\t\t\t\t<\/div>\n\t\t<\/section>\n\t\t\t\t<\/div>\n\t\t","protected":false},"excerpt":{"rendered":"<p>\u00a0 \u00a0 \u00a0Encuentro Nacional de Unidades de Derechos Humanos e Igualdad de G\u00e9nero \u00a0 \u00a0 \u00a0Foro del programa de Igualdad sustantiva entre mujeres y hombres \u00a0 \u00a0 \u00a0Inaguraci\u00f3n del lactario \u00a0 \u00a0 \u00a0Taller agenda para la implementaci\u00f3n del Pacto Nacional por la Justicia de G\u00e9nero \u00a0 \u00a0 \u00a0Intercambio de experiencias entre Unidades de G\u00e9nero: Pol\u00edticas &#8230; <a title=\"Actividades 2022\" class=\"read-more\" href=\"https:\/\/uigtsj.poderjudicialqro.gob.mx\/index.php\/actividades-2022\/\" aria-label=\"Leer m\u00e1s sobre Actividades 2022\">Leer m\u00e1s<\/a><\/p>\n","protected":false},"author":1,"featured_media":0,"parent":0,"menu_order":0,"comment_status":"closed","ping_status":"closed","template":"","meta":{"footnotes":""},"class_list":["post-5234","page","type-page","status-publish"],"_links":{"self":[{"href":"https:\/\/uigtsj.poderjudicialqro.gob.mx\/index.php\/wp-json\/wp\/v2\/pages\/5234","targetHints":{"allow":["GET"]}}],"collection":[{"href":"https:\/\/uigtsj.poderjudicialqro.gob.mx\/index.php\/wp-json\/wp\/v2\/pages"}],"about":[{"href":"https:\/\/uigtsj.poderjudicialqro.gob.mx\/index.php\/wp-json\/wp\/v2\/types\/page"}],"author":[{"embeddable":true,"href":"https:\/\/uigtsj.poderjudicialqro.gob.mx\/index.php\/wp-json\/wp\/v2\/users\/1"}],"replies":[{"embeddable":true,"href":"https:\/\/uigtsj.poderjudicialqro.gob.mx\/index.php\/wp-json\/wp\/v2\/comments?post=5234"}],"version-history":[{"count":13,"href":"https:\/\/uigtsj.poderjudicialqro.gob.mx\/index.php\/wp-json\/wp\/v2\/pages\/5234\/revisions"}],"predecessor-version":[{"id":5824,"href":"https:\/\/uigtsj.poderjudicialqro.gob.mx\/index.php\/wp-json\/wp\/v2\/pages\/5234\/revisions\/5824"}],"wp:attachment":[{"href":"https:\/\/uigtsj.poderjudicialqro.gob.mx\/index.php\/wp-json\/wp\/v2\/media?parent=5234"}],"curies":[{"name":"wp","href":"https:\/\/api.w.org\/{rel}","templated":true}]}}