{"id":6541,"date":"2025-04-14T14:29:00","date_gmt":"2025-04-14T20:29:00","guid":{"rendered":"https:\/\/uigtsj.poderjudicialqro.gob.mx\/?page_id=6541"},"modified":"2025-04-15T08:17:59","modified_gmt":"2025-04-15T14:17:59","slug":"eres-victima-de-violencia-familiar-o-de-genero-y-requieres-orientacion","status":"publish","type":"page","link":"https:\/\/uigtsj.poderjudicialqro.gob.mx\/index.php\/eres-victima-de-violencia-familiar-o-de-genero-y-requieres-orientacion\/","title":{"rendered":"\u00bfEres v\u00edctima de violencia familiar o de g\u00e9nero y requieres orientaci\u00f3n?"},"content":{"rendered":"\t\t<div data-elementor-type=\"wp-page\" data-elementor-id=\"6541\" class=\"elementor elementor-6541\">\n\t\t\t\t\t\t<section class=\"elementor-section elementor-top-section elementor-element elementor-element-d89f6be elementor-section-boxed elementor-section-height-default elementor-section-height-default\" data-id=\"d89f6be\" data-element_type=\"section\" data-e-type=\"section\">\n\t\t\t\t\t\t<div class=\"elementor-container elementor-column-gap-default\">\n\t\t\t\t\t<div class=\"elementor-column elementor-col-100 elementor-top-column elementor-element elementor-element-791a0b5\" data-id=\"791a0b5\" data-element_type=\"column\" data-e-type=\"column\">\n\t\t\t<div class=\"elementor-widget-wrap elementor-element-populated\">\n\t\t\t\t\t\t<div class=\"elementor-element elementor-element-6bc8692 elementor-widget__width-initial elementor-widget elementor-widget-text-editor\" data-id=\"6bc8692\" data-element_type=\"widget\" data-e-type=\"widget\" data-widget_type=\"text-editor.default\">\n\t\t\t\t<div class=\"elementor-widget-container\">\n\t\t\t\t\t\t\t\t\t<p><span style=\"color: #000000;\"><strong>Ac\u00e9rcate a \u00abOrientatel\u00bb<\/strong>, un servicio gratuito, imparcial y objetivo que brinda apoyo a quienes lo necesitan.<\/span><\/p><p><span style=\"color: #000000;\">\ud83d\udccd Atenci\u00f3n presencial: Subcomandancia Centro <\/span><\/p><p><span style=\"color: #000000;\">\ud83d\udccd Avenida Ezequiel Montes No. 69, Colonia Centro, Quer\u00e9taro, Qro.<\/span><\/p><p><span style=\"color: #000000;\">\ud83d\udcde Atenci\u00f3n telef\u00f3nica: \ud83d\udd57 De lunes a viernes, de 08:00 a 16:00 horas: 442 427 6700, Ext. 4905<\/span><\/p>\t\t\t\t\t\t\t\t<\/div>\n\t\t\t\t<\/div>\n\t\t\t\t\t<\/div>\n\t\t<\/div>\n\t\t\t\t\t<\/div>\n\t\t<\/section>\n\t\t\t\t<section class=\"elementor-section elementor-top-section elementor-element elementor-element-e6be31f elementor-section-boxed elementor-section-height-default elementor-section-height-default\" data-id=\"e6be31f\" data-element_type=\"section\" data-e-type=\"section\">\n\t\t\t\t\t\t<div class=\"elementor-container elementor-column-gap-default\">\n\t\t\t\t\t<div class=\"elementor-column elementor-col-100 elementor-top-column elementor-element elementor-element-7b05cf4\" data-id=\"7b05cf4\" data-element_type=\"column\" data-e-type=\"column\">\n\t\t\t<div class=\"elementor-widget-wrap elementor-element-populated\">\n\t\t\t\t\t\t<div class=\"elementor-element elementor-element-1cede76 elementor-widget elementor-widget-text-editor\" data-id=\"1cede76\" data-element_type=\"widget\" data-e-type=\"widget\" data-widget_type=\"text-editor.default\">\n\t\t\t\t<div class=\"elementor-widget-container\">\n\t\t\t\t\t\t\t\t\t<h2 style=\"text-align: left;\"><strong><span style=\"color: #272282;\">Atenci\u00f3n telef\u00f3nica: las 24 horas del d\u00eda :<\/span><\/strong><\/h2><h2 style=\"text-align: left;\"><span style=\"color: #604eff;\"><strong>442 100 2222<\/strong><\/span><\/h2>\t\t\t\t\t\t\t\t<\/div>\n\t\t\t\t<\/div>\n\t\t\t\t\t<\/div>\n\t\t<\/div>\n\t\t\t\t\t<\/div>\n\t\t<\/section>\n\t\t\t\t<section class=\"elementor-section elementor-top-section elementor-element elementor-element-47f5bf6 elementor-section-boxed elementor-section-height-default elementor-section-height-default\" data-id=\"47f5bf6\" data-element_type=\"section\" data-e-type=\"section\">\n\t\t\t\t\t\t<div class=\"elementor-container elementor-column-gap-default\">\n\t\t\t\t\t<div class=\"elementor-column elementor-col-100 elementor-top-column elementor-element elementor-element-f4d0c00\" data-id=\"f4d0c00\" data-element_type=\"column\" data-e-type=\"column\">\n\t\t\t<div class=\"elementor-widget-wrap elementor-element-populated\">\n\t\t\t\t\t\t<div class=\"elementor-element elementor-element-bf15f80 elementor-widget elementor-widget-text-editor\" data-id=\"bf15f80\" data-element_type=\"widget\" data-e-type=\"widget\" data-widget_type=\"text-editor.default\">\n\t\t\t\t<div class=\"elementor-widget-container\">\n\t\t\t\t\t\t\t\t\t<h2><strong><span style=\"color: #604eff;\"><a style=\"color: #604eff;\" href=\"https:\/\/www.facebook.com\/QroMunicipio\/videos\/municipio-de-quer%C3%A9taro-orientatel\/226767916460958\/\" target=\"_blank\" rel=\"noopener\">Consulta el video informativo en Facebook<\/a><\/span><\/strong><\/h2><p>\u00a0<\/p><div><p><span style=\"color: #272282;\"><strong>Poder Judicial Abierto<\/strong><\/span><\/p><\/div>\t\t\t\t\t\t\t\t<\/div>\n\t\t\t\t<\/div>\n\t\t\t\t\t<\/div>\n\t\t<\/div>\n\t\t\t\t\t<\/div>\n\t\t<\/section>\n\t\t\t\t<section class=\"elementor-section elementor-top-section elementor-element elementor-element-fb9197b elementor-section-boxed elementor-section-height-default elementor-section-height-default\" data-id=\"fb9197b\" data-element_type=\"section\" data-e-type=\"section\">\n\t\t\t\t\t\t<div class=\"elementor-container elementor-column-gap-default\">\n\t\t\t\t\t<div class=\"elementor-column elementor-col-100 elementor-top-column elementor-element elementor-element-dddcc15\" data-id=\"dddcc15\" data-element_type=\"column\" data-e-type=\"column\">\n\t\t\t<div class=\"elementor-widget-wrap\">\n\t\t\t\t\t\t\t<\/div>\n\t\t<\/div>\n\t\t\t\t\t<\/div>\n\t\t<\/section>\n\t\t\t\t<\/div>\n\t\t","protected":false},"excerpt":{"rendered":"<p>Ac\u00e9rcate a \u00abOrientatel\u00bb, un servicio gratuito, imparcial y objetivo que brinda apoyo a quienes lo necesitan. \ud83d\udccd Atenci\u00f3n presencial: Subcomandancia Centro \ud83d\udccd Avenida Ezequiel Montes No. 69, Colonia Centro, Quer\u00e9taro, Qro. \ud83d\udcde Atenci\u00f3n telef\u00f3nica: \ud83d\udd57 De lunes a viernes, de 08:00 a 16:00 horas: 442 427 6700, Ext. 4905 Atenci\u00f3n telef\u00f3nica: las 24 horas del &#8230; <a title=\"\u00bfEres v\u00edctima de violencia familiar o de g\u00e9nero y requieres orientaci\u00f3n?\" class=\"read-more\" href=\"https:\/\/uigtsj.poderjudicialqro.gob.mx\/index.php\/eres-victima-de-violencia-familiar-o-de-genero-y-requieres-orientacion\/\" aria-label=\"Leer m\u00e1s sobre \u00bfEres v\u00edctima de violencia familiar o de g\u00e9nero y requieres orientaci\u00f3n?\">Leer m\u00e1s<\/a><\/p>\n","protected":false},"author":1,"featured_media":0,"parent":0,"menu_order":0,"comment_status":"closed","ping_status":"closed","template":"","meta":{"footnotes":""},"class_list":["post-6541","page","type-page","status-publish"],"_links":{"self":[{"href":"https:\/\/uigtsj.poderjudicialqro.gob.mx\/index.php\/wp-json\/wp\/v2\/pages\/6541","targetHints":{"allow":["GET"]}}],"collection":[{"href":"https:\/\/uigtsj.poderjudicialqro.gob.mx\/index.php\/wp-json\/wp\/v2\/pages"}],"about":[{"href":"https:\/\/uigtsj.poderjudicialqro.gob.mx\/index.php\/wp-json\/wp\/v2\/types\/page"}],"author":[{"embeddable":true,"href":"https:\/\/uigtsj.poderjudicialqro.gob.mx\/index.php\/wp-json\/wp\/v2\/users\/1"}],"replies":[{"embeddable":true,"href":"https:\/\/uigtsj.poderjudicialqro.gob.mx\/index.php\/wp-json\/wp\/v2\/comments?post=6541"}],"version-history":[{"count":10,"href":"https:\/\/uigtsj.poderjudicialqro.gob.mx\/index.php\/wp-json\/wp\/v2\/pages\/6541\/revisions"}],"predecessor-version":[{"id":6581,"href":"https:\/\/uigtsj.poderjudicialqro.gob.mx\/index.php\/wp-json\/wp\/v2\/pages\/6541\/revisions\/6581"}],"wp:attachment":[{"href":"https:\/\/uigtsj.poderjudicialqro.gob.mx\/index.php\/wp-json\/wp\/v2\/media?parent=6541"}],"curies":[{"name":"wp","href":"https:\/\/api.w.org\/{rel}","templated":true}]}}