{"id":761,"date":"2022-06-22T16:22:47","date_gmt":"2022-06-22T22:22:47","guid":{"rendered":"https:\/\/uigtsj.tribunalqro.gob.mx\/?page_id=761"},"modified":"2026-03-03T09:45:16","modified_gmt":"2026-03-03T15:45:16","slug":"inicio-2","status":"publish","type":"page","link":"https:\/\/uigtsj.poderjudicialqro.gob.mx\/","title":{"rendered":"Inicio 2"},"content":{"rendered":"\t\t<div data-elementor-type=\"wp-page\" data-elementor-id=\"761\" class=\"elementor elementor-761\">\n\t\t\t\t\t\t<section class=\"elementor-section elementor-top-section elementor-element elementor-element-e794121 elementor-section-full_width elementor-section-height-default elementor-section-height-default\" data-id=\"e794121\" data-element_type=\"section\" data-e-type=\"section\">\n\t\t\t\t\t\t<div class=\"elementor-container elementor-column-gap-no\">\n\t\t\t\t\t<div class=\"elementor-column elementor-col-100 elementor-top-column elementor-element elementor-element-8e383bc\" data-id=\"8e383bc\" data-element_type=\"column\" data-e-type=\"column\">\n\t\t\t<div class=\"elementor-widget-wrap elementor-element-populated\">\n\t\t\t\t\t\t\t<\/div>\n\t\t<\/div>\n\t\t\t\t\t<\/div>\n\t\t<\/section>\n\t\t\t\t<section class=\"elementor-section elementor-top-section elementor-element elementor-element-9b5c2b0 elementor-section-boxed elementor-section-height-default elementor-section-height-default\" data-id=\"9b5c2b0\" data-element_type=\"section\" data-e-type=\"section\">\n\t\t\t\t\t\t<div class=\"elementor-container elementor-column-gap-no\">\n\t\t\t\t\t<div class=\"elementor-column elementor-col-100 elementor-top-column elementor-element elementor-element-6ad6674a\" data-id=\"6ad6674a\" data-element_type=\"column\" data-e-type=\"column\">\n\t\t\t<div class=\"elementor-widget-wrap elementor-element-populated\">\n\t\t\t\t\t\t<div class=\"elementor-element elementor-element-4e69e043 elementor-widget elementor-widget-text-editor\" data-id=\"4e69e043\" data-element_type=\"widget\" data-e-type=\"widget\" data-widget_type=\"text-editor.default\">\n\t\t\t\t<div class=\"elementor-widget-container\">\n\t\t\t\t\t\t\t\t\t\t\t\t\t\t\t\t\t<\/div>\n\t\t\t\t<\/div>\n\t\t\t\t\t<\/div>\n\t\t<\/div>\n\t\t\t\t\t<\/div>\n\t\t<\/section>\n\t\t\t\t<section class=\"elementor-section elementor-top-section elementor-element elementor-element-698b803 elementor-section-boxed elementor-section-height-default elementor-section-height-default\" data-id=\"698b803\" data-element_type=\"section\" data-e-type=\"section\">\n\t\t\t\t\t\t<div class=\"elementor-container elementor-column-gap-default\">\n\t\t\t\t\t<div class=\"elementor-column elementor-col-100 elementor-top-column elementor-element elementor-element-64b9804\" data-id=\"64b9804\" data-element_type=\"column\" data-e-type=\"column\">\n\t\t\t<div class=\"elementor-widget-wrap elementor-element-populated\">\n\t\t\t\t\t\t<div class=\"elementor-element elementor-element-59608e7 elementor-widget__width-initial elementor-widget elementor-widget-accordion\" data-id=\"59608e7\" data-element_type=\"widget\" data-e-type=\"widget\" data-widget_type=\"accordion.default\">\n\t\t\t\t<div class=\"elementor-widget-container\">\n\t\t\t\t\t\t\t<div class=\"elementor-accordion\">\n\t\t\t\t\t\t\t<div class=\"elementor-accordion-item\">\n\t\t\t\t\t<div id=\"elementor-tab-title-9371\" class=\"elementor-tab-title\" data-tab=\"1\" role=\"button\" aria-controls=\"elementor-tab-content-9371\" aria-expanded=\"false\">\n\t\t\t\t\t\t\t\t\t\t\t\t\t<span class=\"elementor-accordion-icon elementor-accordion-icon-left\" aria-hidden=\"true\">\n\t\t\t\t\t\t\t\t\t\t\t\t\t\t\t<span class=\"elementor-accordion-icon-closed\"><i class=\"fas fa-plus\"><\/i><\/span>\n\t\t\t\t\t\t\t\t<span class=\"elementor-accordion-icon-opened\"><i class=\"fas fa-angle-up\"><\/i><\/span>\n\t\t\t\t\t\t\t\t\t\t\t\t\t\t<\/span>\n\t\t\t\t\t\t\t\t\t\t\t\t<a class=\"elementor-accordion-title\" tabindex=\"0\">Unidad de Derechos Humanos e Igualdad de G\u00e9nero<\/a>\n\t\t\t\t\t<\/div>\n\t\t\t\t\t<div id=\"elementor-tab-content-9371\" class=\"elementor-tab-content elementor-clearfix\" data-tab=\"1\" role=\"region\" aria-labelledby=\"elementor-tab-title-9371\"><p><span style=\"color: #1a1a1a;\">La Unidad de Derechos Humanos e Igualdad de G\u00e9nero es el \u00e1rea administrativa\u00a0 encargada de realizar\u00a0 acciones encaminadas\u00a0 a vigilar\u00a0 que se respeten\u00a0 los Derechos Humanos\u00a0 y se incorpore la Perspectiva de G\u00e9nero\u00a0 en las labores\u00a0 jurisdiccionales y administrativas del Poder Judicial del Estado de Quer\u00e9taro.\u00a0<\/span><\/p><\/div>\n\t\t\t\t<\/div>\n\t\t\t\t\t\t\t<div class=\"elementor-accordion-item\">\n\t\t\t\t\t<div id=\"elementor-tab-title-9372\" class=\"elementor-tab-title\" data-tab=\"2\" role=\"button\" aria-controls=\"elementor-tab-content-9372\" aria-expanded=\"false\">\n\t\t\t\t\t\t\t\t\t\t\t\t\t<span class=\"elementor-accordion-icon elementor-accordion-icon-left\" aria-hidden=\"true\">\n\t\t\t\t\t\t\t\t\t\t\t\t\t\t\t<span class=\"elementor-accordion-icon-closed\"><i class=\"fas fa-plus\"><\/i><\/span>\n\t\t\t\t\t\t\t\t<span class=\"elementor-accordion-icon-opened\"><i class=\"fas fa-angle-up\"><\/i><\/span>\n\t\t\t\t\t\t\t\t\t\t\t\t\t\t<\/span>\n\t\t\t\t\t\t\t\t\t\t\t\t<a class=\"elementor-accordion-title\" tabindex=\"0\">Misi\u00f3n<\/a>\n\t\t\t\t\t<\/div>\n\t\t\t\t\t<div id=\"elementor-tab-content-9372\" class=\"elementor-tab-content elementor-clearfix\" data-tab=\"2\" role=\"region\" aria-labelledby=\"elementor-tab-title-9372\"><p><span style=\"color: #1a1a1a;\">Ser la Unidad rectora que crea, fomenta y ejecuta pol\u00edticas institucionales de derechos humanos e introduce mecanismos para la transversalizaci\u00f3n de los derechos humanos y la perspectiva de g\u00e9nero.<\/span><\/p><\/div>\n\t\t\t\t<\/div>\n\t\t\t\t\t\t\t<div class=\"elementor-accordion-item\">\n\t\t\t\t\t<div id=\"elementor-tab-title-9373\" class=\"elementor-tab-title\" data-tab=\"3\" role=\"button\" aria-controls=\"elementor-tab-content-9373\" aria-expanded=\"false\">\n\t\t\t\t\t\t\t\t\t\t\t\t\t<span class=\"elementor-accordion-icon elementor-accordion-icon-left\" aria-hidden=\"true\">\n\t\t\t\t\t\t\t\t\t\t\t\t\t\t\t<span class=\"elementor-accordion-icon-closed\"><i class=\"fas fa-plus\"><\/i><\/span>\n\t\t\t\t\t\t\t\t<span class=\"elementor-accordion-icon-opened\"><i class=\"fas fa-angle-up\"><\/i><\/span>\n\t\t\t\t\t\t\t\t\t\t\t\t\t\t<\/span>\n\t\t\t\t\t\t\t\t\t\t\t\t<a class=\"elementor-accordion-title\" tabindex=\"0\">Visi\u00f3n<\/a>\n\t\t\t\t\t<\/div>\n\t\t\t\t\t<div id=\"elementor-tab-content-9373\" class=\"elementor-tab-content elementor-clearfix\" data-tab=\"3\" role=\"region\" aria-labelledby=\"elementor-tab-title-9373\"><p><span style=\"color: #1a1a1a;\">Ser la Unidad especializada que apoye a consolidar e incorporar el respeto y protecci\u00f3n de los derechos humanos y la perspectiva de g\u00e9nero en el desarrollo de las operaciones del Poder Judicial del Estado de Quer\u00e9taro.<\/span><\/p><\/div>\n\t\t\t\t<\/div>\n\t\t\t\t\t\t\t<div class=\"elementor-accordion-item\">\n\t\t\t\t\t<div id=\"elementor-tab-title-9374\" class=\"elementor-tab-title\" data-tab=\"4\" role=\"button\" aria-controls=\"elementor-tab-content-9374\" aria-expanded=\"false\">\n\t\t\t\t\t\t\t\t\t\t\t\t\t<span class=\"elementor-accordion-icon elementor-accordion-icon-left\" aria-hidden=\"true\">\n\t\t\t\t\t\t\t\t\t\t\t\t\t\t\t<span class=\"elementor-accordion-icon-closed\"><i class=\"fas fa-plus\"><\/i><\/span>\n\t\t\t\t\t\t\t\t<span class=\"elementor-accordion-icon-opened\"><i class=\"fas fa-angle-up\"><\/i><\/span>\n\t\t\t\t\t\t\t\t\t\t\t\t\t\t<\/span>\n\t\t\t\t\t\t\t\t\t\t\t\t<a class=\"elementor-accordion-title\" tabindex=\"0\">Atribuciones de la Unidad de Derechos Humanos e Igualdad de G\u00e9nero<\/a>\n\t\t\t\t\t<\/div>\n\t\t\t\t\t<div id=\"elementor-tab-content-9374\" class=\"elementor-tab-content elementor-clearfix\" data-tab=\"4\" role=\"region\" aria-labelledby=\"elementor-tab-title-9374\"><p><span style=\"color: #1a1a1a;\">I. Participar en los programas del Poder Judicial en los que el Consejo de la Judicatura le indique y proponer las medidas que permitan en los mismos, la observancia de los Derechos Humanos y la incorporaci\u00f3n de la perspectiva de g\u00e9nero;<\/span><\/p>\n<p><span style=\"color: #1a1a1a;\">II. Realizar acciones encaminadas a vigilar que se respeten los Derechos Humanos y se mantenga la igualdad entre mujeres y hombres\u00a0 en el Poder Judicial;<\/span><\/p>\n<p><span style=\"color: #1a1a1a;\">III. Brindar asesor\u00eda en materia de Derechos Humanos e Igualdad de G\u00e9nero a los \u00f3rganos Jurisdiccionales, \u00e1reas de apoyo a la funci\u00f3n jurisdiccional y \u00e1reas administrativas del Poder Judicial;<\/span><\/p>\n<p><span style=\"color: #1a1a1a;\">IV. Promover la revisi\u00f3n y actualizaci\u00f3n de la normatividad administrativa con perspectiva de protecci\u00f3n de Derechos Humanos y G\u00e9nero;<\/span><\/p>\n<p><span style=\"color: #1a1a1a;\">V. Coordinarse con el Instituto de Especializaci\u00f3n Judicial para brindar capacitaci\u00f3n en materia de Derechos Humanos e Igualdad de G\u00e9nero;<\/span><\/p>\n<p><span style=\"color: #1a1a1a;\">VI. Someter a consideraci\u00f3n del Consejo de la Judicatura, el programa Anual de Trabajo para el fortalecimiento de los Derechos Humanos y de Igualdad de G\u00e9nero del Poder Judicial;<\/span><\/p>\n<p><span style=\"color: #1a1a1a;\">VII. Actualizar la estad\u00edstica por cargo sobre el n\u00famero de mujeres y hombres que los ocupan;<\/span><\/p>\n<p><span style=\"color: #1a1a1a;\">VIII. Llevar el registro de sentencias emitidas con perspectiva de g\u00e9nero;<\/span><\/p>\n<p><span style=\"color: #1a1a1a;\">IX. Llevar el registro de sentencias emitidas en caso de violencia hacia las mujeres;<\/span><\/p>\n<p><span style=\"color: #1a1a1a;\">X. Capturar de manera veraz y oportuna en los programas o sistemas inform\u00e1ticos implementados por la Direcci\u00f3n de Tecnolog\u00edas de la Informaci\u00f3n, los datos estad\u00edsticos mensuales relativos a la materia;<\/span><\/p>\n<p><span style=\"color: #1a1a1a;\">XI. Actualizar la p\u00e1gina electr\u00f3nica del Poder Judicial con la informaci\u00f3n correspondiente en el \u00e1mbito de su competencia; y<\/span><\/p>\n<p><span style=\"color: #1a1a1a;\">XII. Las dem\u00e1s que le confieren otras disposiciones legales y los \u00f3rganos competentes del Poder Judicial del Estado.<\/span><\/p><\/div>\n\t\t\t\t<\/div>\n\t\t\t\t\t\t\t\t<\/div>\n\t\t\t\t\t\t<\/div>\n\t\t\t\t<\/div>\n\t\t\t\t<div class=\"elementor-element elementor-element-3e35f8d elementor-widget-divider--view-line elementor-widget elementor-widget-divider\" data-id=\"3e35f8d\" data-element_type=\"widget\" data-e-type=\"widget\" data-widget_type=\"divider.default\">\n\t\t\t\t<div class=\"elementor-widget-container\">\n\t\t\t\t\t\t\t<div class=\"elementor-divider\">\n\t\t\t<span class=\"elementor-divider-separator\">\n\t\t\t\t\t\t<\/span>\n\t\t<\/div>\n\t\t\t\t\t\t<\/div>\n\t\t\t\t<\/div>\n\t\t\t\t<div class=\"elementor-element elementor-element-189b8ea elementor-widget__width-initial elementor-widget elementor-widget-text-editor\" data-id=\"189b8ea\" data-element_type=\"widget\" data-e-type=\"widget\" data-widget_type=\"text-editor.default\">\n\t\t\t\t<div class=\"elementor-widget-container\">\n\t\t\t\t\t\t\t\t\t<ul>\n<li><span style=\"color: #272282;\"><a style=\"color: #272282;\" href=\"https:\/\/uigtsj.poderjudicialqro.gob.mx\/index.php\/historia\/\" target=\"_blank\" rel=\"noopener\"><em>Historia<\/em><\/a><\/span><\/li>\n<li><span style=\"color: #272282;\"><a style=\"color: #272282;\" href=\"https:\/\/uigtsj.poderjudicialqro.gob.mx\/index.php\/datos-estadisticos\/\" target=\"_blank\" rel=\"noopener\"><em>Datos Estad\u00edsticos<\/em><\/a><\/span><\/li>\n<li><span style=\"color: #272282;\"><a style=\"font-weight: var( --e-global-typography-text-font-weight ); background-color: #ffffff; color: #272282;\" href=\"https:\/\/uigtsj.poderjudicialqro.gob.mx\/index.php\/organigrama\/\" target=\"_blank\" rel=\"noopener\"><em>Organigrama<\/em><\/a><\/span><\/li>\n<li><span style=\"color: #272282;\"><em><a style=\"color: #272282;\" href=\"https:\/\/uigtsj.poderjudicialqro.gob.mx\/index.php\/contenido-descargable\/\" target=\"_blank\" rel=\"noopener\">Gu\u00edas<\/a><\/em><\/span><\/li>\n<\/ul>\t\t\t\t\t\t\t\t<\/div>\n\t\t\t\t<\/div>\n\t\t\t\t\t<\/div>\n\t\t<\/div>\n\t\t\t\t\t<\/div>\n\t\t<\/section>\n\t\t\t\t<section class=\"elementor-section elementor-top-section elementor-element elementor-element-f00dfe0 elementor-section-boxed elementor-section-height-default elementor-section-height-default\" data-id=\"f00dfe0\" data-element_type=\"section\" data-e-type=\"section\">\n\t\t\t\t\t\t<div class=\"elementor-container elementor-column-gap-default\">\n\t\t\t\t\t<div class=\"elementor-column elementor-col-100 elementor-top-column elementor-element elementor-element-058d17b\" data-id=\"058d17b\" data-element_type=\"column\" data-e-type=\"column\">\n\t\t\t<div class=\"elementor-widget-wrap elementor-element-populated\">\n\t\t\t\t\t\t<div class=\"elementor-element elementor-element-4a7527f elementor-widget elementor-widget-heading\" data-id=\"4a7527f\" data-element_type=\"widget\" data-e-type=\"widget\" data-widget_type=\"heading.default\">\n\t\t\t\t<div class=\"elementor-widget-container\">\n\t\t\t\t\t<h2 class=\"elementor-heading-title elementor-size-default\">\u00bfRequieres orientaci\u00f3n jur\u00eddica gratuita en temas competencia del Poder Judicial?<\/h2>\t\t\t\t<\/div>\n\t\t\t\t<\/div>\n\t\t\t\t<div class=\"elementor-element elementor-element-932fea4 elementor-widget elementor-widget-image\" data-id=\"932fea4\" data-element_type=\"widget\" data-e-type=\"widget\" data-widget_type=\"image.default\">\n\t\t\t\t<div class=\"elementor-widget-container\">\n\t\t\t\t\t\t\t\t\t\t\t\t\t\t\t<img decoding=\"async\" src=\"https:\/\/uigtsj.poderjudicialqro.gob.mx\/wp-content\/uploads\/elementor\/thumbs\/Orientacion-rjqof7iw5kqigr094pty4u30gbmtldjlfxy7x7q0hs.jpg\" title=\"Orientacion\" alt=\"Orientacion\" loading=\"lazy\" \/>\t\t\t\t\t\t\t\t\t\t\t\t\t\t\t<\/div>\n\t\t\t\t<\/div>\n\t\t\t\t\t<\/div>\n\t\t<\/div>\n\t\t\t\t\t<\/div>\n\t\t<\/section>\n\t\t\t\t<section class=\"elementor-section elementor-top-section elementor-element elementor-element-36edabb elementor-section-boxed elementor-section-height-default elementor-section-height-default\" data-id=\"36edabb\" data-element_type=\"section\" data-e-type=\"section\">\n\t\t\t\t\t\t<div class=\"elementor-container elementor-column-gap-default\">\n\t\t\t\t\t<div class=\"elementor-column elementor-col-100 elementor-top-column elementor-element elementor-element-42b7a3d\" data-id=\"42b7a3d\" data-element_type=\"column\" data-e-type=\"column\">\n\t\t\t<div class=\"elementor-widget-wrap elementor-element-populated\">\n\t\t\t\t\t\t<div class=\"elementor-element elementor-element-473b605 elementor-widget-divider--view-line elementor-widget elementor-widget-divider\" data-id=\"473b605\" data-element_type=\"widget\" data-e-type=\"widget\" data-widget_type=\"divider.default\">\n\t\t\t\t<div class=\"elementor-widget-container\">\n\t\t\t\t\t\t\t<div class=\"elementor-divider\">\n\t\t\t<span class=\"elementor-divider-separator\">\n\t\t\t\t\t\t<\/span>\n\t\t<\/div>\n\t\t\t\t\t\t<\/div>\n\t\t\t\t<\/div>\n\t\t\t\t\t<\/div>\n\t\t<\/div>\n\t\t\t\t\t<\/div>\n\t\t<\/section>\n\t\t\t\t<\/div>\n\t\t","protected":false},"excerpt":{"rendered":"<p>Unidad de Derechos Humanos e Igualdad de G\u00e9nero La Unidad de Derechos Humanos e Igualdad de G\u00e9nero es el \u00e1rea administrativa\u00a0 encargada de realizar\u00a0 acciones encaminadas\u00a0 a vigilar\u00a0 que se respeten\u00a0 los Derechos Humanos\u00a0 y se incorpore la Perspectiva de G\u00e9nero\u00a0 en las labores\u00a0 jurisdiccionales y administrativas del Poder Judicial del Estado de Quer\u00e9taro.\u00a0 Misi\u00f3n &#8230; <a title=\"Inicio 2\" class=\"read-more\" href=\"https:\/\/uigtsj.poderjudicialqro.gob.mx\/\" aria-label=\"Leer m\u00e1s sobre Inicio 2\">Leer m\u00e1s<\/a><\/p>\n","protected":false},"author":1,"featured_media":0,"parent":0,"menu_order":0,"comment_status":"closed","ping_status":"closed","template":"elementor_header_footer","meta":{"footnotes":""},"class_list":["post-761","page","type-page","status-publish"],"_links":{"self":[{"href":"https:\/\/uigtsj.poderjudicialqro.gob.mx\/index.php\/wp-json\/wp\/v2\/pages\/761","targetHints":{"allow":["GET"]}}],"collection":[{"href":"https:\/\/uigtsj.poderjudicialqro.gob.mx\/index.php\/wp-json\/wp\/v2\/pages"}],"about":[{"href":"https:\/\/uigtsj.poderjudicialqro.gob.mx\/index.php\/wp-json\/wp\/v2\/types\/page"}],"author":[{"embeddable":true,"href":"https:\/\/uigtsj.poderjudicialqro.gob.mx\/index.php\/wp-json\/wp\/v2\/users\/1"}],"replies":[{"embeddable":true,"href":"https:\/\/uigtsj.poderjudicialqro.gob.mx\/index.php\/wp-json\/wp\/v2\/comments?post=761"}],"version-history":[{"count":248,"href":"https:\/\/uigtsj.poderjudicialqro.gob.mx\/index.php\/wp-json\/wp\/v2\/pages\/761\/revisions"}],"predecessor-version":[{"id":7073,"href":"https:\/\/uigtsj.poderjudicialqro.gob.mx\/index.php\/wp-json\/wp\/v2\/pages\/761\/revisions\/7073"}],"wp:attachment":[{"href":"https:\/\/uigtsj.poderjudicialqro.gob.mx\/index.php\/wp-json\/wp\/v2\/media?parent=761"}],"curies":[{"name":"wp","href":"https:\/\/api.w.org\/{rel}","templated":true}]}}